{"id":475,"date":"2018-11-26T16:09:20","date_gmt":"2018-11-26T15:09:20","guid":{"rendered":"https:\/\/focusewelding.wpcomstaging.com\/?page_id=475"},"modified":"2025-05-19T07:46:53","modified_gmt":"2025-05-19T07:46:53","slug":"aboutus","status":"publish","type":"page","link":"https:\/\/www.focus-welding.com\/de\/aboutus\/","title":{"rendered":"\u00dcber uns"},"content":{"rendered":"<div class=\"wp-block-columns alignfull is-layout-flex wp-container-core-columns-is-layout-9d6595d7 wp-block-columns-is-layout-flex\">\n<div class=\"wp-block-column is-layout-flow wp-block-column-is-layout-flow\" style=\"flex-basis:25%\"><\/div>\n\n\n\n<div class=\"wp-block-column is-vertically-aligned-center is-layout-flow wp-block-column-is-layout-flow\" style=\"flex-basis:50%\">\n<div style=\"height:25px\" aria-hidden=\"true\" class=\"wp-block-spacer\"><\/div>\n\n\n\n<h2 class=\"wp-block-heading has-text-align-center has-x-large-font-size\" id=\"about-us\"><strong><strong>Mikrostrahlschweissen mit <\/strong><\/strong>FOCUS<\/h2>\n\n\n\n<div style=\"height:25px\" aria-hidden=\"true\" class=\"wp-block-spacer\"><\/div>\n\n\n\n<p>Von Makro bis Mikro \u2013 bei uns steht das Strahlschweissen im Fokus.\u202f&nbsp;&nbsp;<\/p>\n\n\n\n<p>Wir unterst\u00fctzen Sie bei der L\u00f6sung Ihrer Schweiss- und F\u00fcgeaufgaben, denn wir haben es zu unserer Aufgabe gemacht, gemeinsam mit Ihnen an L\u00f6sungen f\u00fcr die beinahe unm\u00f6gliche Verbindung zu arbeiten.&nbsp;<\/p>\n\n\n\n<p>Moderne Technologien stellen sehr hohe Anforderungen an die Verbindungstechnik. Alles wird kleiner und h\u00f6her integriert, wie dies z.B. bei Sensoren oder in der Halbleiterindustrie der Fall ist. Damit wachsen die Anforderungen an die F\u00fcgeverfahren. So soll so wenig Energie wie n\u00f6tig sehr zielgerichtet eingebracht werden, um beispielsweise Sensoren robust gegen \u00e4u\u00dfere Einfl\u00fcsse zu kapseln. Dazu geh\u00f6ren Eigenschaften wie die Forderung nach Vakuumdichtheit und Korrosionsbest\u00e4ndigkeit. Die L\u00f6sung hierf\u00fcr liegt h\u00e4ufig in der Kombination verschiedenster Werkstoffe. Oft kommt hinzu, dass eine Mess- und Steuerelektronik mit dem Sensor eingekapselt werden soll. Die Herausforderung liegt nun darin, diese w\u00e4re des Prozesses (thermisch) nicht zu zerst\u00f6ren.&nbsp;<\/p>\n\n\n\n<p>Aufgrund unserer langj\u00e4hrigen Erfahrung bei FOCUS wissen wir, wie man die geringstm\u00f6gliche Leistung des Elektronenstrahl oder des Laserstrahl sehr fein dosiert und zielgenau an den Wirkort bringen kann, um qualitativ hochwertige Verbindungen herzustellen.&nbsp;<\/p>\n\n\n\n<p>Bei FOCUS ist unser Ansatz seit jeher, zusammen mit dem Kunden die beste und effektivste L\u00f6sung der Schweiss- und F\u00fcgeaufgabe zu erarbeiten. Unser Team besteht aus Expert(-innen) mit spezifischem Wissen und speziellen F\u00e4higkeiten, sowie einer Herangehensweise, wie wir sie innerhalb unserer Firma seit mit mehr als 30 Jahren auch auf dem Gebiet des wissenschaftlichen Ger\u00e4tebaus praktizieren. Wir nehmen uns des Problems an und erarbeiten in enger Absprache mit dem Kunden die L\u00f6sung.&nbsp;<\/p>\n\n\n\n<p>Mithilfe dieser Erfahrung bietet unser Team seit 2007 in der Mikrostrahl Schweiss- und F\u00fcgetechnik L\u00f6sungsm\u00f6glichkeiten, die bisher undenkbar erschienen. Die Kunst, Leistung sehr pr\u00e4zise an den Ort des Geschehens einzubringen sorgt f\u00fcr den kleinen Unterschied, egal, ob etwas auf der Mikrometerskala geschwei\u00dft wird oder im Millimeterbereich. F\u00fcr eine optimale L\u00f6sung der F\u00fcgeaufgabe und eine perfekte Schweissnahtqualit\u00e4t stehen uns daf\u00fcr das Elektronenstrahlschwei\u00dfen und Laser im Vakuumschwei\u00dfen zur Verf\u00fcgung.&nbsp;<\/p>\n\n\n\n<p>Dabei erm\u00f6glicht das Vakuum unerreichte Schweissnahtqualit\u00e4ten.&nbsp;<\/p>\n\n\n\n<p>Angetrieben von Leidenschaft und Hingabe freuen wir uns, mit unserem Knowhow und unserer Innovationskraft einen Beitrag leisten zu k\u00f6nnen, der den (mikro) kleinen Unterschied f\u00fcr Ihre F\u00fcgeaufgabe bewirken kann. Gemeinsam arbeiten wir im Team und mit unseren Kunden Tag f\u00fcr Tag daran, die Mikrostrahlschwei\u00dftechnik zu verbessern.&nbsp;<\/p>\n\n\n\n<div style=\"height:50px\" aria-hidden=\"true\" class=\"wp-block-spacer\"><\/div>\n<\/div>\n\n\n\n<div class=\"wp-block-column is-layout-flow wp-block-column-is-layout-flow\" style=\"flex-basis:25%\"><\/div>\n<\/div>\n\n\n\n<div class=\"wp-block-cover alignfull is-light\" style=\"min-height:50px;aspect-ratio:unset;\"><span aria-hidden=\"true\" class=\"wp-block-cover__background has-background-dim-100 has-background-dim\" style=\"background-color:#eeeeee\"><\/span><div class=\"wp-block-cover__inner-container is-layout-flow wp-block-cover-is-layout-flow\">\n<div style=\"height:25px\" aria-hidden=\"true\" class=\"wp-block-spacer\"><\/div>\n\n\n\n<div class=\"wp-block-columns alignfull is-layout-flex wp-container-core-columns-is-layout-9d6595d7 wp-block-columns-is-layout-flex\">\n<div class=\"wp-block-column is-layout-flow wp-block-column-is-layout-flow\" style=\"flex-basis:25%\"><\/div>\n\n\n\n<div class=\"wp-block-column is-layout-flow wp-block-column-is-layout-flow\" style=\"flex-basis:50%\">\n<h2 class=\"wp-block-heading has-text-align-center has-black-color has-text-color has-x-large-font-size\" id=\"h-our-passion\"><strong><strong>Unsere Leidenschaft&nbsp;<\/strong><\/strong><\/h2>\n\n\n\n<p>Unser Ziel ist seit dem Start des Gesch\u00e4ftsbereiches Elektronenstrahlschweissen im Jahr 2007, Fachkr\u00e4fte bei der Bereitstellung der bestm\u00f6glichen Mikrostrahlschweissl\u00f6sung zu unterst\u00fctzen.&nbsp;<\/p>\n\n\n\n<p>Dieses Engagement zeigt sich in allem, was wir tun.&nbsp;<\/p>\n\n\n\n<div style=\"height:25px\" aria-hidden=\"true\" class=\"wp-block-spacer\"><\/div>\n\n\n\n<div style=\"height:70vh;width:100%\" class=\"superblockslider\" data-transition-duration=\".6s\" data-animation=\"cubic-bezier(0.46, 0.03, 0.52, 0.96)\" data-autoplay-interval=\"8s\"><div class=\"superblockslider__window\"><div class=\"superblockslider__track\" style=\"width:600%;transform:translateX(-0.0000%);transition-duration:.6s;transition-timing-function:cubic-bezier(0.46, 0.03, 0.52, 0.96)\">\n<div class=\"wp-block-superblockslider-slide superblockslider__slide superblockslider__slide--active is-vertical-center\" data-slide-index=\"0\" data-parallax=\"true\" data-parallax-speed=\"25\"><div class=\"superblockslider__slide__bg\"><img fetchpriority=\"high\" decoding=\"async\" class=\"image--xl visible--xl visible--sm visible--md visible--lg\" src=\"https:\/\/www.focus-welding.com\/wp-content\/uploads\/2024\/02\/Matthias_Paul-scaled.webp\" width=\"2560\" height=\"1920\" title=\"Matthias_Paul\" alt=\"\" loading=\"eager\" srcset=\"https:\/\/www.focus-welding.com\/wp-content\/uploads\/2024\/02\/Matthias_Paul-150x150.webp 150w,https:\/\/www.focus-welding.com\/wp-content\/uploads\/2024\/02\/Matthias_Paul-300x213.webp 300w,https:\/\/www.focus-welding.com\/wp-content\/uploads\/2024\/02\/Matthias_Paul-1024x728.webp 770w,https:\/\/www.focus-welding.com\/wp-content\/uploads\/2024\/02\/Matthias_Paul-18x12.webp 16w,https:\/\/www.focus-welding.com\/wp-content\/uploads\/2024\/02\/Matthias_Paul-scaled.webp 2560w,\" sizes=\"(max-width: 2560px) 100vw, 2560px\" style=\"object-fit:cover;object-position:32% 44%;height:125%\"\/><\/div><div class=\"superblockslider__slide__overlay\" style=\"background-image:linear-gradient(90deg,rgba(7,146,227,0) 48%,rgb(255,255,255) 48%);opacity:0.9\"><\/div><div class=\"superblockslider__slide_inner\"><div class=\"inner-blocks\">\n<div class=\"wp-block-columns is-layout-flex wp-container-core-columns-is-layout-9d6595d7 wp-block-columns-is-layout-flex\">\n<div class=\"wp-block-column is-layout-flow wp-block-column-is-layout-flow\"><\/div>\n\n\n\n<div class=\"wp-block-column is-vertically-aligned-center is-layout-flow wp-block-column-is-layout-flow\">\n<p><em>Mir gef\u00e4llt die Software-Entwicklung in kleinen, kollegialen Teams, welche stets aufs Neue die Einarbeitung in moderne Technologien erfordert. Dar\u00fcber hinaus macht es Spa\u00df, das Ergebnis der eigenen Arbeit direkt am Produkt in Aktion sehen zu k\u00f6nnen.\u201d<\/em><\/p>\n\n\n\n<p><sub><strong>Matthias Paul<\/strong>, Software-Entwickler seit 2011 im Bereich Powerbeam der FOCUS electronics in Leipzig.&nbsp;<\/sub><\/p>\n<\/div>\n<\/div>\n<\/div><\/div><\/div>\n\n\n\n<div class=\"wp-block-superblockslider-slide superblockslider__slide is-vertical-center\" data-slide-index=\"1\" data-parallax=\"true\" data-parallax-speed=\"25\"><div class=\"superblockslider__slide__bg\"><img decoding=\"async\" class=\"image--xl visible--xl visible--sm visible--md visible--lg\" src=\"https:\/\/www.focus-welding.com\/wp-content\/uploads\/2024\/02\/Viktor-Fast-scaled.webp\" width=\"2560\" height=\"1920\" title=\"Viktor-Fast\" alt=\"\" loading=\"eager\" srcset=\"https:\/\/www.focus-welding.com\/wp-content\/uploads\/2024\/02\/Viktor-Fast-150x150.webp 150w,https:\/\/www.focus-welding.com\/wp-content\/uploads\/2024\/02\/Viktor-Fast-300x225.webp 300w,https:\/\/www.focus-welding.com\/wp-content\/uploads\/2024\/02\/Viktor-Fast-1024x768.webp 770w,https:\/\/www.focus-welding.com\/wp-content\/uploads\/2024\/02\/Viktor-Fast-16x12.webp 16w,https:\/\/www.focus-welding.com\/wp-content\/uploads\/2024\/02\/Viktor-Fast-scaled.webp 2560w,\" sizes=\"(max-width: 2560px) 100vw, 2560px\" style=\"object-fit:cover;object-position:77% 46%;height:125%\"\/><\/div><div class=\"superblockslider__slide__overlay\" style=\"background-image:linear-gradient(90deg,rgba(252,71,107,0) 49%,rgb(255,255,255) 49%);opacity:0.9\"><\/div><div class=\"superblockslider__slide_inner\"><div class=\"inner-blocks\">\n<div class=\"wp-block-columns is-layout-flex wp-container-core-columns-is-layout-9d6595d7 wp-block-columns-is-layout-flex\">\n<div class=\"wp-block-column is-layout-flow wp-block-column-is-layout-flow\"><\/div>\n\n\n\n<div class=\"wp-block-column is-vertically-aligned-bottom is-layout-flow wp-block-column-is-layout-flow\">\n<p class=\"has-black-color has-text-color has-link-color wp-elements-14e81d221d9c6ac49fdf4028feeb850b\"><em>\u201dDer Anspruch an robuste und sichere Elektronik bedeutet f\u00fcr mich die Grundlage f\u00fcr zufriedene Kunden.\u201d<\/em><\/p>\n\n\n\n<p class=\"has-black-color has-text-color has-link-color wp-elements-6761cf742bc0bc0bc6eee43f1c03600b\"><sub><strong>Viktor Fast<\/strong>, Elektronikentwickler, ist seit 2018 Mitarbeiter der Firma FOCUS electronics in Leipzig.&nbsp;<\/sub><\/p>\n<\/div>\n<\/div>\n<\/div><\/div><\/div>\n\n\n\n<div class=\"wp-block-superblockslider-slide superblockslider__slide is-vertical-center\" data-slide-index=\"2\" data-parallax=\"true\" data-parallax-speed=\"25\"><div class=\"superblockslider__slide__bg\"><img decoding=\"async\" class=\"image--xl visible--xl visible--sm visible--md visible--lg\" src=\"https:\/\/www.focus-welding.com\/wp-content\/uploads\/2024\/07\/IMG_0875-scaled.webp\" width=\"2560\" height=\"1920\" title=\"IMG_0875\" alt=\"\" loading=\"eager\" srcset=\"https:\/\/www.focus-welding.com\/wp-content\/uploads\/2024\/07\/IMG_0875-150x150.webp 150w,https:\/\/www.focus-welding.com\/wp-content\/uploads\/2024\/07\/IMG_0875-300x225.webp 300w,https:\/\/www.focus-welding.com\/wp-content\/uploads\/2024\/07\/IMG_0875-1024x768.webp 770w,https:\/\/www.focus-welding.com\/wp-content\/uploads\/2024\/07\/IMG_0875-16x12.webp 16w,https:\/\/www.focus-welding.com\/wp-content\/uploads\/2024\/07\/IMG_0875-scaled.webp 2560w,\" sizes=\"(max-width: 2560px) 100vw, 2560px\" style=\"object-fit:cover;object-position:59% 0%;height:125%\"\/><\/div><div class=\"superblockslider__slide__overlay\" style=\"background-image:linear-gradient(90deg,rgb(255,255,255) 46%,rgba(255,255,255,0) 46%);opacity:0.75\"><\/div><div class=\"superblockslider__slide_inner\"><div class=\"inner-blocks\">\n<div class=\"wp-block-columns is-layout-flex wp-container-core-columns-is-layout-9d6595d7 wp-block-columns-is-layout-flex\">\n<div class=\"wp-block-column is-layout-flow wp-block-column-is-layout-flow\" style=\"flex-basis:40%\">\n<p><strong>Klaus M\u00fcller<\/strong><\/p>\n\n\n\n<p><em>\u201cMit Freude kundenorientierte konstruktive Detaill\u00f6sungen auszuarbeiten ist meine Motivation\u201c.<\/em><\/p>\n\n\n\n<p><sub><strong>Klaus M\u00fcller<\/strong>, Konstrukteur, ist seit 2013 bei FOCUS in H\u00fcnstetten besch\u00e4ftigt.&nbsp;<\/sub><\/p>\n<\/div>\n\n\n\n<div class=\"wp-block-column is-layout-flow wp-block-column-is-layout-flow\" style=\"flex-basis:60%\"><\/div>\n<\/div>\n<\/div><\/div><\/div>\n\n\n\n<div class=\"wp-block-superblockslider-slide superblockslider__slide is-vertical-center\" data-slide-index=\"3\" data-parallax=\"true\" data-parallax-speed=\"25\"><div class=\"superblockslider__slide__bg\"><img decoding=\"async\" class=\"image--xl visible--xl visible--sm visible--md visible--lg\" src=\"https:\/\/www.focus-welding.com\/wp-content\/uploads\/2024\/07\/IMG_0879-scaled.webp\" width=\"2560\" height=\"1920\" title=\"IMG_0879\" alt=\"\" loading=\"eager\" srcset=\"https:\/\/www.focus-welding.com\/wp-content\/uploads\/2024\/07\/IMG_0879-150x150.webp 150w,https:\/\/www.focus-welding.com\/wp-content\/uploads\/2024\/07\/IMG_0879-300x225.webp 300w,https:\/\/www.focus-welding.com\/wp-content\/uploads\/2024\/07\/IMG_0879-1024x768.webp 770w,https:\/\/www.focus-welding.com\/wp-content\/uploads\/2024\/07\/IMG_0879-16x12.webp 16w,https:\/\/www.focus-welding.com\/wp-content\/uploads\/2024\/07\/IMG_0879-scaled.webp 2560w,\" sizes=\"(max-width: 2560px) 100vw, 2560px\" style=\"object-fit:cover;object-position:97% 49%;height:125%\"\/><\/div><div class=\"superblockslider__slide__overlay\" style=\"background-image:linear-gradient(90deg,rgba(255,255,255,0) 58%,rgb(255,255,255) 58%);opacity:0.75\"><\/div><div class=\"superblockslider__slide_inner\"><div class=\"inner-blocks\">\n<div class=\"wp-block-columns is-layout-flex wp-container-core-columns-is-layout-9d6595d7 wp-block-columns-is-layout-flex\">\n<div class=\"wp-block-column is-layout-flow wp-block-column-is-layout-flow\" style=\"flex-basis:70%\"><\/div>\n\n\n\n<div class=\"wp-block-column is-layout-flow wp-block-column-is-layout-flow\" style=\"flex-basis:30%\">\n<p><strong>Dr. J\u00f6rg Seifritz<\/strong><\/p>\n\n\n\n<p><em>\u201cAnspruchsvolle Technologie weiterzuentwickeln, neue Bereiche zu erschlie\u00dfen und f\u00fcr Anwender einfach und bedienbar zu gestalten ist meine t\u00e4gliche Motivation. Geht nicht, gibt\u2019s nicht, daf\u00fcr steht das Team bei FOCUS.\u201c<\/em><\/p>\n\n\n\n<p><sub><strong>J\u00f6rg Seifritz<\/strong>, Produktmanager und Leiter der Abteilung ist seit 2019 bei FOCUS in H\u00fcnstetten besch\u00e4ftigt.<\/sub><\/p>\n<\/div>\n<\/div>\n<\/div><\/div><\/div>\n\n\n\n<div class=\"wp-block-superblockslider-slide superblockslider__slide\" data-slide-index=\"4\" data-parallax=\"true\" data-parallax-speed=\"25\"><div class=\"superblockslider__slide__bg\"><img decoding=\"async\" class=\"image--xl visible--xl visible--sm visible--md visible--lg\" src=\"https:\/\/www.focus-welding.com\/wp-content\/uploads\/2024\/07\/dpohlenz_2.webp\" width=\"1770\" height=\"1328\" title=\"\u041c\u0443\u043b\u044c\u0442\u0438\u043c\u0435\u0434\u0438\u0430\" alt=\"\" loading=\"eager\" srcset=\"https:\/\/www.focus-welding.com\/wp-content\/uploads\/2024\/07\/dpohlenz_2-150x150.webp 150w,https:\/\/www.focus-welding.com\/wp-content\/uploads\/2024\/07\/dpohlenz_2-300x225.webp 300w,https:\/\/www.focus-welding.com\/wp-content\/uploads\/2024\/07\/dpohlenz_2-1024x768.webp 770w,https:\/\/www.focus-welding.com\/wp-content\/uploads\/2024\/07\/dpohlenz_2-16x12.webp 16w,https:\/\/www.focus-welding.com\/wp-content\/uploads\/2024\/07\/dpohlenz_2.webp 1770w,\" sizes=\"(max-width: 1770px) 100vw, 1770px\" style=\"object-fit:cover;object-position:56.00000000000001% 40%;height:125%\"\/><\/div><div class=\"superblockslider__slide__overlay\" style=\"background-image:linear-gradient(90deg,rgba(255,255,255,0) 51%,rgb(255,255,255) 51%);opacity:0.75\"><\/div><div class=\"superblockslider__slide_inner\"><div class=\"inner-blocks\">\n<div class=\"wp-block-columns is-layout-flex wp-container-core-columns-is-layout-9d6595d7 wp-block-columns-is-layout-flex\">\n<div class=\"wp-block-column is-layout-flow wp-block-column-is-layout-flow\" style=\"flex-basis:60%\"><\/div>\n\n\n\n<div class=\"wp-block-column is-layout-flow wp-block-column-is-layout-flow\" style=\"flex-basis:40%\">\n<p><strong>Dieter Pohlenz<\/strong><\/p>\n\n\n\n<p>&#8220;<em>Seit mehr als 30 Jahren ist die N\u00e4he zum Kunden und die l\u00f6sungsorientierte Beratung die erf\u00fcllende Motivation f\u00fcr meine t\u00e4gliche Arbeit.\u00a0Und diese Motivation teile ich mit allen meinen Kollegen bei FOCUS. \u201e<\/em><\/p>\n\n\n\n<p><sub><strong>Dieter Pohlenz<\/strong>, Vertriebsmitarbeiter, ist seit 2013 bei FOCUS in H\u00fcnstetten besch\u00e4ftigt.&nbsp;<\/sub><\/p>\n<\/div>\n<\/div>\n<\/div><\/div><\/div>\n\n\n\n<div class=\"wp-block-superblockslider-slide superblockslider__slide\" data-slide-index=\"5\" data-parallax=\"true\" data-parallax-speed=\"25\"><div class=\"superblockslider__slide__bg\"><img decoding=\"async\" class=\"image--xl visible--xl visible--sm visible--md visible--lg\" src=\"https:\/\/www.focus-welding.com\/wp-content\/uploads\/2024\/07\/dpohlenz_1.webp\" width=\"1770\" height=\"1328\" title=\"\u041c\u0443\u043b\u044c\u0442\u0438\u043c\u0435\u0434\u0438\u0430-1\" alt=\"\" loading=\"eager\" srcset=\"https:\/\/www.focus-welding.com\/wp-content\/uploads\/2024\/07\/dpohlenz_1-150x150.webp 150w,https:\/\/www.focus-welding.com\/wp-content\/uploads\/2024\/07\/dpohlenz_1-300x225.webp 300w,https:\/\/www.focus-welding.com\/wp-content\/uploads\/2024\/07\/dpohlenz_1-1024x768.webp 770w,https:\/\/www.focus-welding.com\/wp-content\/uploads\/2024\/07\/dpohlenz_1-16x12.webp 16w,https:\/\/www.focus-welding.com\/wp-content\/uploads\/2024\/07\/dpohlenz_1.webp 1770w,\" sizes=\"(max-width: 1770px) 100vw, 1770px\" style=\"object-fit:cover;object-position:6% 50%;height:125%\"\/><\/div><div class=\"superblockslider__slide__overlay\" style=\"background-image:linear-gradient(90deg,rgb(255,255,255) 44%,rgba(7,146,227,0) 44%);opacity:0.75\"><\/div><div class=\"superblockslider__slide_inner\"><div class=\"inner-blocks\">\n<div class=\"wp-block-columns is-layout-flex wp-container-core-columns-is-layout-9d6595d7 wp-block-columns-is-layout-flex\">\n<div class=\"wp-block-column is-layout-flow wp-block-column-is-layout-flow\" style=\"flex-basis:40%\">\n<p><strong>Andrey Telnov<\/strong><\/p>\n\n\n\n<p><em>\u201cIch habe die Entwicklung des Unternehmens lange Zeit von au\u00dfen beobachtet und bin sehr froh, nun Teil dieses gro\u00dfartigen Teams zu sein.\u201d<\/em><\/p>\n\n\n\n<p><sub><strong>Andrey Telnov<\/strong>, Vertriebsmitarbeiter bei FOCUS in H\u00fcnstetten seit 2022.&nbsp;<\/sub><\/p>\n<\/div>\n\n\n\n<div class=\"wp-block-column is-layout-flow wp-block-column-is-layout-flow\" style=\"flex-basis:60%\"><\/div>\n<\/div>\n<\/div><\/div><\/div>\n<\/div><\/div><div class=\"superblockslider__controls superblockslider__buttons\"><button data-button-id=\"0\" aria-label=\"Slide 1\" class=\"superblockslider__button superblockslider__button--active\"><span class=\"superblockslider__button__icon\"><svg width=\"20\" height=\"20\" viewbox=\"0 0 20 20\" xmlns=\"http:\/\/www.w3.org\/2000\/svg\" style=\"fill:#b10527\"><path d=\"M10 2c4.42 0 8 3.58 8 8s-3.58 8-8 8-8-3.58-8-8 3.58-8 8-8zM10 15c2.76 0 5-2.24 5-5s-2.24-5-5-5-5 2.24-5 5 2.24 5 5 5z\"><\/path><\/svg><\/span><\/button><button data-button-id=\"1\" aria-label=\"Slide 2\" class=\"superblockslider__button\"><span class=\"superblockslider__button__icon\"><svg width=\"20\" height=\"20\" viewbox=\"0 0 20 20\" xmlns=\"http:\/\/www.w3.org\/2000\/svg\" style=\"fill:#b10527\"><path d=\"M10 2c4.42 0 8 3.58 8 8s-3.58 8-8 8-8-3.58-8-8 3.58-8 8-8zM10 15c2.76 0 5-2.24 5-5s-2.24-5-5-5-5 2.24-5 5 2.24 5 5 5z\"><\/path><\/svg><\/span><\/button><button data-button-id=\"2\" aria-label=\"Slide 3\" class=\"superblockslider__button\"><span class=\"superblockslider__button__icon\"><svg width=\"20\" height=\"20\" viewbox=\"0 0 20 20\" xmlns=\"http:\/\/www.w3.org\/2000\/svg\" style=\"fill:#b10527\"><path d=\"M10 2c4.42 0 8 3.58 8 8s-3.58 8-8 8-8-3.58-8-8 3.58-8 8-8zM10 15c2.76 0 5-2.24 5-5s-2.24-5-5-5-5 2.24-5 5 2.24 5 5 5z\"><\/path><\/svg><\/span><\/button><button data-button-id=\"3\" aria-label=\"Slide 4\" class=\"superblockslider__button\"><span class=\"superblockslider__button__icon\"><svg width=\"20\" height=\"20\" viewbox=\"0 0 20 20\" xmlns=\"http:\/\/www.w3.org\/2000\/svg\" style=\"fill:#b10527\"><path d=\"M10 2c4.42 0 8 3.58 8 8s-3.58 8-8 8-8-3.58-8-8 3.58-8 8-8zM10 15c2.76 0 5-2.24 5-5s-2.24-5-5-5-5 2.24-5 5 2.24 5 5 5z\"><\/path><\/svg><\/span><\/button><button data-button-id=\"4\" aria-label=\"Slide 5\" class=\"superblockslider__button\"><span class=\"superblockslider__button__icon\"><svg width=\"20\" height=\"20\" viewbox=\"0 0 20 20\" xmlns=\"http:\/\/www.w3.org\/2000\/svg\" style=\"fill:#b10527\"><path d=\"M10 2c4.42 0 8 3.58 8 8s-3.58 8-8 8-8-3.58-8-8 3.58-8 8-8zM10 15c2.76 0 5-2.24 5-5s-2.24-5-5-5-5 2.24-5 5 2.24 5 5 5z\"><\/path><\/svg><\/span><\/button><button data-button-id=\"5\" aria-label=\"Slide 6\" class=\"superblockslider__button\"><span class=\"superblockslider__button__icon\"><svg width=\"20\" height=\"20\" viewbox=\"0 0 20 20\" xmlns=\"http:\/\/www.w3.org\/2000\/svg\" style=\"fill:#b10527\"><path d=\"M10 2c4.42 0 8 3.58 8 8s-3.58 8-8 8-8-3.58-8-8 3.58-8 8-8zM10 15c2.76 0 5-2.24 5-5s-2.24-5-5-5-5 2.24-5 5 2.24 5 5 5z\"><\/path><\/svg><\/span><\/button><\/div><div class=\"superblockslider__controls superblockslider__navigation\"><button class=\"superblockslider__button__navigation superblockslider__button__previous\" aria-label=\"Previous slide\"><span class=\"superblockslider__button__previous--icon\"><svg width=\"85\" height=\"85\" xmlns=\"http:\/\/www.w3.org\/2000\/svg\" viewbox=\"0 0 85 85\" role=\"img\" aria-hidden=\"true\" focusable=\"false\"><path d=\"M58.3,21.7l-5-4.2l-22.5,25l22.5,25l5-4.2L39.2,42.5L58.3,21.7z\" style=\"fill:#b10527\"><\/path><\/svg><\/span><\/button><button class=\"superblockslider__button__navigation superblockslider__button__next\" aria-label=\"Next slide\"><span class=\"superblockslider__button__next--icon\"><svg width=\"85\" height=\"85\" xmlns=\"http:\/\/www.w3.org\/2000\/svg\" viewbox=\"0 0 85 85\" role=\"img\" aria-hidden=\"true\" focusable=\"false\"><path d=\"M31.7,17.5l-5,4.2l19.2,20.8L26.7,63.3l5,4.2l22.5-25L31.7,17.5z\" style=\"fill:#b10527\"><\/path><\/svg><\/span><\/button><\/div><\/div>\n\n\n\n<div style=\"height:25px\" aria-hidden=\"true\" class=\"wp-block-spacer\"><\/div>\n<\/div>\n\n\n\n<div class=\"wp-block-column is-layout-flow wp-block-column-is-layout-flow\" style=\"flex-basis:25%\"><\/div>\n<\/div>\n\n\n\n<div style=\"height:50px\" aria-hidden=\"true\" class=\"wp-block-spacer\"><\/div>\n<\/div><\/div>\n\n\n\n<div class=\"wp-block-columns alignfull is-layout-flex wp-container-core-columns-is-layout-9d6595d7 wp-block-columns-is-layout-flex\">\n<div class=\"wp-block-column is-layout-flow wp-block-column-is-layout-flow\" style=\"flex-basis:25%\"><\/div>\n\n\n\n<div class=\"wp-block-column is-vertically-aligned-center is-layout-flow wp-block-column-is-layout-flow\" style=\"flex-basis:50%\">\n<div style=\"height:25px\" aria-hidden=\"true\" class=\"wp-block-spacer\"><\/div>\n\n\n\n<h2 class=\"wp-block-heading has-text-align-center has-x-large-font-size\" id=\"about-us\"><strong>Unsere Expertise<\/strong><\/h2>\n\n\n\n<p>In unsere perfekt aufeinander abgestimmten Produkte flie\u00dft aus unseren beiden Standorten in H\u00fcnstetten und Leipzig innovatives Wissen und Know-How optimal zusammen und bilden die L\u00f6sung, die unsere Kunden ben\u00f6tigen.&nbsp;<\/p>\n\n\n\n<div style=\"height:50px\" aria-hidden=\"true\" class=\"wp-block-spacer\"><\/div>\n<\/div>\n\n\n\n<div class=\"wp-block-column is-layout-flow wp-block-column-is-layout-flow\" style=\"flex-basis:25%\"><\/div>\n<\/div>\n\n\n\n<div class=\"wp-block-cover alignfull is-light\" style=\"min-height:50px;aspect-ratio:unset;\"><span aria-hidden=\"true\" class=\"wp-block-cover__background has-background-dim-100 has-background-dim\" style=\"background-color:#eeeeee\"><\/span><div class=\"wp-block-cover__inner-container is-layout-flow wp-block-cover-is-layout-flow\">\n<div style=\"height:25px\" aria-hidden=\"true\" class=\"wp-block-spacer\"><\/div>\n\n\n\n<div class=\"wp-block-columns alignfull is-layout-flex wp-container-core-columns-is-layout-9d6595d7 wp-block-columns-is-layout-flex\">\n<div class=\"wp-block-column is-layout-flow wp-block-column-is-layout-flow\" style=\"flex-basis:25%\"><\/div>\n\n\n\n<div class=\"wp-block-column is-layout-flow wp-block-column-is-layout-flow\" style=\"flex-basis:50%\">\n<h2 class=\"wp-block-heading has-text-align-center has-black-color has-text-color has-x-large-font-size\" id=\"h-our-passion-1\"><strong><strong>Unsere Leidenschaft&nbsp;<\/strong><\/strong><\/h2>\n\n\n\n<p><strong>Unser neues Management. Ein erfahrenes Team garantiert Kontinuit\u00e4t.&nbsp;<\/strong><\/p>\n\n\n\n<div style=\"height:50px\" aria-hidden=\"true\" class=\"wp-block-spacer\"><\/div>\n\n\n\n<p>Ende des Jahres 2022 erfolgte der 100%ige Verkauf der FOCUS-Gruppe, bestehend aus der FOCUS GmbH in H\u00fcnstetten und der FOCUS electronics GmbH in Leipzig, an die LAB14-Gruppe. LAB14 ist eine 100%ige Tochtergesellschaft der RSBG SE, die sich wiederum im Besitz der RAG-Stiftung befindet.&nbsp;<\/p>\n\n\n\n<p>There was also a change in management. Dr. Michael Merkel, previously the main shareholder and managing director of both companies, handed over the management of the FOCUS Group to Dr. Marten Patt (previously Head of Business Development at FOCUS GmbH) and Dr. Thorsten Kampen (previously Head of Business Unit Components and Business Development at SPECSGROUP) at the beginning of 2023.&nbsp;In June 2024, FOCUS has become part of SPECS and was renamed to SPECS Surface Nano Analysis GmbH BU FOCUS.<\/p>\n\n\n\n<p>Mit der LAB14-Gruppe wurde ein starker Partner gefunden, der das berufliche Lebenswerk in eine erfolgreiche Zukunft f\u00fchren wird. Dr. Marten Patt stellt fest: \u201cDie RSBG wird die FOCUS-Gruppe dabei unterst\u00fctzen, ihre Position als Premiumanbieter im Bereich der Oberfl\u00e4chenanalytik sowie der Elektronenstrahl- und Laserschwei\u00dfsysteme weiter auszubauen und insbesondere durch die Integration in die LAB14-Gruppe hat FOCUS die M\u00f6glichkeit, sich noch breiter aufzustellen und das Gesch\u00e4ft zu erweitern.\u201d Dr. Thorsten Kampen f\u00fcgt hinzu: \u201cDem Wunsch des ehemaligen Hauptgesellschafters, dass die Produkt- und Servicequalit\u00e4t sowie die inneren Werte des Unternehmens trotz ehrgeiziger Ziele f\u00fcr die Zukunft erhalten bleiben, haben wir dennoch entsprochen.\u201d&nbsp;<\/p>\n\n\n\n<p>Die RAG-Stiftung finanziert die Ewigkeitslasten des deutschen Steinkohlenbergbaus und unterst\u00fctzt Projekte in den Bereichen Bildung, Wissenschaft und Kultur. Ihre Beteiligungsgesellschaft RSBG SE und die damit verbundene LAB14 Unternehmensgruppe versteht sich als Investor und langfristiger Partner von mittelst\u00e4ndischen hochinnovativen Unternehmen, insbesondere mit Produkten und Dienstleistungen f\u00fcr die Spitzentechnologien der Mikro- und Nanofabrikation sowie der Oberfl\u00e4chenanalytik in Forschung und Industrie.&nbsp;<\/p>\n<\/div>\n\n\n\n<div class=\"wp-block-column is-layout-flow wp-block-column-is-layout-flow\" style=\"flex-basis:25%\"><\/div>\n<\/div>\n\n\n\n<div style=\"height:50px\" aria-hidden=\"true\" class=\"wp-block-spacer\"><\/div>\n<\/div><\/div>\n\n\n\n<div class=\"wp-block-columns alignfull is-layout-flex wp-container-core-columns-is-layout-9d6595d7 wp-block-columns-is-layout-flex\">\n<div class=\"wp-block-column is-layout-flow wp-block-column-is-layout-flow\" style=\"flex-basis:25%\"><\/div>\n\n\n\n<div class=\"wp-block-column is-vertically-aligned-center is-layout-flow wp-block-column-is-layout-flow\" style=\"flex-basis:50%\">\n<div style=\"height:25px\" aria-hidden=\"true\" class=\"wp-block-spacer\"><\/div>\n\n\n\n<h2 class=\"wp-block-heading has-text-align-center has-x-large-font-size\" id=\"about-us\"><strong><strong>Nachhaltigkeit ist mehr als eine Verpflichtung.<\/strong><\/strong><\/h2>\n\n\n\n<figure class=\"wp-block-image size-full\"><img loading=\"lazy\" decoding=\"async\" width=\"2560\" height=\"1920\" src=\"https:\/\/www.focus-welding.com\/wp-content\/uploads\/2024\/04\/FOCUS_Huenstetten_Aerial1-scaled.webp\" alt=\"\" class=\"wp-image-5438\" srcset=\"https:\/\/www.focus-welding.com\/wp-content\/uploads\/2024\/04\/FOCUS_Huenstetten_Aerial1-scaled.webp 2560w, https:\/\/www.focus-welding.com\/wp-content\/uploads\/2024\/04\/FOCUS_Huenstetten_Aerial1-300x225.webp 300w, https:\/\/www.focus-welding.com\/wp-content\/uploads\/2024\/04\/FOCUS_Huenstetten_Aerial1-1024x768.webp 1024w, https:\/\/www.focus-welding.com\/wp-content\/uploads\/2024\/04\/FOCUS_Huenstetten_Aerial1-768x576.webp 768w, https:\/\/www.focus-welding.com\/wp-content\/uploads\/2024\/04\/FOCUS_Huenstetten_Aerial1-1536x1152.webp 1536w, https:\/\/www.focus-welding.com\/wp-content\/uploads\/2024\/04\/FOCUS_Huenstetten_Aerial1-2048x1536.webp 2048w, https:\/\/www.focus-welding.com\/wp-content\/uploads\/2024\/04\/FOCUS_Huenstetten_Aerial1-16x12.webp 16w, https:\/\/www.focus-welding.com\/wp-content\/uploads\/2024\/04\/FOCUS_Huenstetten_Aerial1-500x375.webp 500w\" sizes=\"auto, (max-width: 2560px) 100vw, 2560px\" \/><figcaption class=\"wp-element-caption\">\t\t\t\t\t\t<\/figcaption><\/figure>\n\n\n\n<div style=\"height:50px\" aria-hidden=\"true\" class=\"wp-block-spacer\"><\/div>\n\n\n\n<p>Der wirtschaftliche Erfolg ist f\u00fcr jedes Unternehmen von Bedeutung. Jedoch denken wir langfristig und ber\u00fccksichtigen die Prinzipien der sozialen Gerechtigkeit, der Vereinbarung von Beruf und Familie und der \u00f6kologischen Verantwortung. Deshalb tragen nicht nur unsere innovativen Produkte dazu bei, L\u00f6sungen f\u00fcr die Zukunft mitzuentwickeln; wir stellen uns der Verantwortung und werden im Laufe des Jahres eine Photovoltaik Solaranlage mit ca. 95kWp installiert bekommen, welche einen gro\u00dfen Anteil unserer elektrischen Energie liefern wird.<\/p>\n<\/div>\n\n\n\n<div class=\"wp-block-column is-layout-flow wp-block-column-is-layout-flow\" style=\"flex-basis:25%\"><\/div>\n<\/div>\n\n\n\n<div style=\"height:50px\" aria-hidden=\"true\" class=\"wp-block-spacer\"><\/div>\n\n\n\n<div class=\"wp-block-cover alignfull is-light\" style=\"min-height:50px;aspect-ratio:unset;\"><span aria-hidden=\"true\" class=\"wp-block-cover__background has-background-dim-100 has-background-dim\" style=\"background-color:#eeeeee\"><\/span><div class=\"wp-block-cover__inner-container is-layout-flow wp-block-cover-is-layout-flow\">\n<div style=\"height:25px\" aria-hidden=\"true\" class=\"wp-block-spacer\"><\/div>\n\n\n\n<div class=\"wp-block-columns alignfull is-layout-flex wp-container-core-columns-is-layout-9d6595d7 wp-block-columns-is-layout-flex\">\n<div class=\"wp-block-column is-layout-flow wp-block-column-is-layout-flow\" style=\"flex-basis:25%\"><\/div>\n\n\n\n<div class=\"wp-block-column is-layout-flow wp-block-column-is-layout-flow\" style=\"flex-basis:50%\">\n<h2 class=\"wp-block-heading has-text-align-center has-black-color has-text-color has-x-large-font-size\" id=\"h-social-commitment\"><strong><strong><strong>Soziales Engagement<\/strong><\/strong><\/strong><\/h2>\n\n\n\n<p>Desweiteren ist FOCUS seit kurzem der Initiative \"<a href=\"https:\/\/www.focus-gmbh.com\/initiative-beruf-und-pflege-vereinbaren\/\">Beruf und Pflege vereinbaren\u201c<\/a>des Landes Hessens beigetreten. Die demographische Entwicklung f\u00fchrt zu einer ver\u00e4nderten Altersstruktur, die f\u00fcr Gesellschaft und Wirtschaft gleicherma\u00dfen bedeutend ist. Der wachsende Fachkr\u00e4ftemangel stellt zudem ein weiteres zuk\u00fcnftiges Problem dar, auf das Unternehmen reagieren m\u00fcssen. In Teilen ist dieser auch auf mangelnde Vereinbarkeit von Beruf und Pflege zur\u00fcckzuf\u00fchren. Die Initiative setzt hier an und soll Erwerbst\u00e4tigen die M\u00f6glichkeit geben, ihr berufliches Leben mit der Pflege von pflegebed\u00fcrftigen Angeh\u00f6rigen zu vereinbaren.<\/p>\n\n\n\n<div style=\"height:25px\" aria-hidden=\"true\" class=\"wp-block-spacer\"><\/div>\n<\/div>\n\n\n\n<div class=\"wp-block-column is-layout-flow wp-block-column-is-layout-flow\" style=\"flex-basis:25%\"><\/div>\n<\/div>\n\n\n\n<div style=\"height:50px\" aria-hidden=\"true\" class=\"wp-block-spacer\"><\/div>\n<\/div><\/div>\n\n\n\n<div class=\"wp-block-columns alignfull is-layout-flex wp-container-core-columns-is-layout-9d6595d7 wp-block-columns-is-layout-flex\">\n<div class=\"wp-block-column is-layout-flow wp-block-column-is-layout-flow\" style=\"flex-basis:25%\"><\/div>\n\n\n\n<div class=\"wp-block-column is-vertically-aligned-center is-layout-flow wp-block-column-is-layout-flow\" style=\"flex-basis:50%\">\n<div style=\"height:50px\" aria-hidden=\"true\" class=\"wp-block-spacer\"><\/div>\n\n\n\n<h2 class=\"wp-block-heading has-text-align-center has-x-large-font-size\" id=\"about-us\"><strong>Unsere Entwicklungen. Innovative technische L\u00f6sungen&nbsp;<\/strong><\/h2>\n\n\n\n<div style=\"height:50px\" aria-hidden=\"true\" class=\"wp-block-spacer\"><\/div>\n\n\n\n<p>Von Beginn an investieren wir \u00fcberproportional viel Zeit und Geld in die Forschung. Denn hier k\u00f6nnen neue Ideen und innovative Ans\u00e4tze umgesetzt und erprobt werden. Einmal mehr zeigt sich, dass besonders das optimale Zusammenspiel von Hardware, Elektronik und Software f\u00fcr das Erreichen des Ziels unabdingbar ist.&nbsp;<\/p>\n\n\n\n<p>Unser Team besteht neben den Experten aus den Bereichen Elektrotechnik, Schaltungstechnik und Softwareentwicklung, auch aus promovierten Fachleuten, wie z.B. der Physik.&nbsp;<\/p>\n\n\n\n<div style=\"height:50px\" aria-hidden=\"true\" class=\"wp-block-spacer\"><\/div>\n<\/div>\n\n\n\n<div class=\"wp-block-column is-layout-flow wp-block-column-is-layout-flow\" style=\"flex-basis:25%\"><\/div>\n<\/div>\n\n\n\n<div class=\"wp-block-cover alignfull is-light\" style=\"min-height:50px;aspect-ratio:unset;\"><span aria-hidden=\"true\" class=\"wp-block-cover__background has-background-dim-100 has-background-dim\" style=\"background-color:#eeeeee\"><\/span><div class=\"wp-block-cover__inner-container is-layout-flow wp-block-cover-is-layout-flow\">\n<div style=\"height:25px\" aria-hidden=\"true\" class=\"wp-block-spacer\"><\/div>\n\n\n\n<div class=\"wp-block-columns alignfull is-layout-flex wp-container-core-columns-is-layout-9d6595d7 wp-block-columns-is-layout-flex\">\n<div class=\"wp-block-column is-layout-flow wp-block-column-is-layout-flow\" style=\"flex-basis:25%\"><\/div>\n\n\n\n<div class=\"wp-block-column is-layout-flow wp-block-column-is-layout-flow\" style=\"flex-basis:50%\">\n<h2 class=\"wp-block-heading has-text-align-center has-black-color has-text-color has-x-large-font-size\" id=\"h-our-product-portfolio\"><strong><strong><strong><strong>Unser Produktportfolio<\/strong><\/strong><\/strong><\/strong><\/h2>\n\n\n\n<div class=\"wp-block-columns has-3-columns is-layout-flex wp-container-core-columns-is-layout-9d6595d7 wp-block-columns-is-layout-flex\">\n<div class=\"wp-block-column has-small-font-size is-layout-flow wp-block-column-is-layout-flow\">\n<h2 class=\"wp-block-heading\" id=\"h-power-beam-welding\">Power Beam Welding<\/h2>\n\n\n\n<p><\/p>\n\n\n\n<figure class=\"wp-block-image size-full hvr-glow\" id=\"wp-block-themeisle-blocks-image-01cb649f\"><a href=\"https:\/\/www.focus-welding.com\/de\/\"><img loading=\"lazy\" decoding=\"async\" width=\"807\" height=\"605\" src=\"https:\/\/www.focus-welding.com\/wp-content\/uploads\/2023\/03\/MEBW-60-L95-Manchester-13-1_bg_1024x807-edited-2.png\" alt=\"\" class=\"wp-image-4102\" srcset=\"https:\/\/www.focus-welding.com\/wp-content\/uploads\/2023\/03\/MEBW-60-L95-Manchester-13-1_bg_1024x807-edited-2.png 807w, https:\/\/www.focus-welding.com\/wp-content\/uploads\/2023\/03\/MEBW-60-L95-Manchester-13-1_bg_1024x807-edited-2-300x225.png 300w, https:\/\/www.focus-welding.com\/wp-content\/uploads\/2023\/03\/MEBW-60-L95-Manchester-13-1_bg_1024x807-edited-2-768x576.png 768w, https:\/\/www.focus-welding.com\/wp-content\/uploads\/2023\/03\/MEBW-60-L95-Manchester-13-1_bg_1024x807-edited-2-500x375.png 500w\" sizes=\"auto, (max-width: 807px) 100vw, 807px\" \/><\/a><\/figure>\n<\/div>\n\n\n\n<div class=\"wp-block-column has-small-font-size is-layout-flow wp-block-column-is-layout-flow\">\n<h2 class=\"wp-block-heading\" id=\"h-scientific-instruments\">Scientific Instruments<\/h2>\n\n\n\n<p><\/p>\n\n\n\n<figure class=\"wp-block-image size-large hvr-glow\" id=\"wp-block-themeisle-blocks-image-bbc36f01\"><a href=\"https:\/\/www.focus-gmbh.com\"><img decoding=\"async\" src=\"https:\/\/www.focus-gmbh.com\/wp-content\/uploads\/2020\/03\/news_cover_ensemble.png\" alt=\"\" style=\"aspect-ratio:4\/3;object-fit:cover\"\/><\/a><\/figure>\n<\/div>\n<\/div>\n\n\n\n<p>Wir haben klein begonnen, als Spin-Off der Universit\u00e4t Mainz, und sind sp\u00e4ter in \u201eUntermiete\u201c bei einem gro\u00dfen Hersteller wissenschaftlicher Instrumente untergekommen. Danach zogen wir in eine sehr sch\u00f6n gelegene Umgebung: ein kleines Wohnhaus in H\u00fcnstetten im Taunus, n\u00f6rdlich von Wiesbaden und dem Rhein-Main Gebiet, in der Mitte Deutschlands. Aufgrund des stetigen Wachstums finden Sie uns heute in einem gr\u00f6\u00dferen und f\u00fcr unsere Bed\u00fcrfnisse zugeschnittenen Geb\u00e4ude, welches sich immer noch im selben Ort befindet.&nbsp;<\/p>\n\n\n\n<p>In Leipzig wurde im Jahr 2000 die FOCUS electronics GmbH aus der Insolvenz der Vorg\u00e4ngerfirma XXX gegr\u00fcndet. Noch heute befindet sich die Firma in den ehemaligen Gesch\u00e4ftsr\u00e4umen eines alten Transformatorenwerkes, einem historischen Industriegeb\u00e4ude. Inzwischen ist die Firma FOCUS electronic dort der gr\u00f6\u00dfte Mieter und expandiert weiter. Die Produktionsfl\u00e4chen haben sich vervielfacht, ebenso wie die Mitarbeiterzahl.&nbsp;<\/p>\n\n\n\n<div style=\"height:25px\" aria-hidden=\"true\" class=\"wp-block-spacer\"><\/div>\n<\/div>\n\n\n\n<div class=\"wp-block-column is-layout-flow wp-block-column-is-layout-flow\" style=\"flex-basis:25%\"><\/div>\n<\/div>\n\n\n\n<div style=\"height:50px\" aria-hidden=\"true\" class=\"wp-block-spacer\"><\/div>\n<\/div><\/div>\n\n\n\n<div style=\"height:50px\" aria-hidden=\"true\" class=\"wp-block-spacer\"><\/div>\n\n\n\n<p><strong>Wir sind f\u00fcr Sie da. Wir sind durch Vertriebspartner auf der ganzen Welt vertreten.<\/strong><\/p>\n\n\n\n<figure class=\"wp-block-table is-style-stripes\"><table class=\"has-fixed-layout\"><tbody><tr><td class=\"has-text-align-center\" data-align=\"center\"><img decoding=\"async\" src=\"https:\/\/www.focus-gmbh.com\/wp-content\/uploads\/2020\/05\/Flag_of_the_Peoples_Republic_of_China.png\"><\/td><td class=\"has-text-align-center\" data-align=\"center\"><img decoding=\"async\" src=\"https:\/\/www.focus-gmbh.com\/wp-content\/uploads\/2020\/05\/Flag_of_Japan.png\"><\/td><td class=\"has-text-align-center\" data-align=\"center\"><img decoding=\"async\" src=\"https:\/\/www.focus-gmbh.com\/wp-content\/uploads\/2020\/05\/Flag_of_India-1024x683.png\"><\/td><td><img loading=\"lazy\" decoding=\"async\" width=\"200\" height=\"120\" class=\"wp-image-3472\" style=\"width: 200px;\" src=\"https:\/\/www.focus-welding.com\/wp-content\/uploads\/2023\/02\/Flag_of_the_United_Kingdom_3-5.png\" alt=\"\" srcset=\"https:\/\/www.focus-welding.com\/wp-content\/uploads\/2023\/02\/Flag_of_the_United_Kingdom_3-5.png 1024w, https:\/\/www.focus-welding.com\/wp-content\/uploads\/2023\/02\/Flag_of_the_United_Kingdom_3-5-300x180.png 300w, https:\/\/www.focus-welding.com\/wp-content\/uploads\/2023\/02\/Flag_of_the_United_Kingdom_3-5-768x461.png 768w, https:\/\/www.focus-welding.com\/wp-content\/uploads\/2023\/02\/Flag_of_the_United_Kingdom_3-5-500x300.png 500w\" sizes=\"auto, (max-width: 200px) 100vw, 200px\" \/><\/td><td><img loading=\"lazy\" decoding=\"async\" width=\"150\" height=\"100\" class=\"wp-image-4935\" style=\"width: 150px;\" src=\"https:\/\/www.focus-welding.com\/wp-content\/uploads\/2023\/09\/Flag_of_South_Korea.png\" alt=\"\" srcset=\"https:\/\/www.focus-welding.com\/wp-content\/uploads\/2023\/09\/Flag_of_South_Korea.png 900w, https:\/\/www.focus-welding.com\/wp-content\/uploads\/2023\/09\/Flag_of_South_Korea-300x200.png 300w, https:\/\/www.focus-welding.com\/wp-content\/uploads\/2023\/09\/Flag_of_South_Korea-768x512.png 768w, https:\/\/www.focus-welding.com\/wp-content\/uploads\/2023\/09\/Flag_of_South_Korea-500x333.png 500w\" sizes=\"auto, (max-width: 150px) 100vw, 150px\" \/><\/td><\/tr><tr><td class=\"has-text-align-center\" data-align=\"center\"><em><strong><a href=\"http:\/\/www.be-instruments.com\/\">Beijing Eberl Instruments Trading Co., Ltd.<\/a><\/strong><\/em><\/td><td class=\"has-text-align-center\" data-align=\"center\"><a href=\"https:\/\/www.ckb.co.jp\/\"><strong><em>der CKB Corporation,<\/em><\/strong><\/a><br><\/td><td class=\"has-text-align-center\" data-align=\"center\"><strong><em><a href=\"https:\/\/www.mack.in\/\">MACK INTERNATIONAL<\/a><\/em><\/strong><br><\/td><td><strong><a href=\"https:\/\/www.dylanjamesscientific.com\/\">Dylan James Scientific<\/a><\/strong><\/td><td>3H Corporation Ltd.<\/td><\/tr><tr><td class=\"has-text-align-center\" data-align=\"center\">China<\/td><td class=\"has-text-align-center\" data-align=\"center\">Japan<\/td><td class=\"has-text-align-center\" data-align=\"center\">India<\/td><td>United Kingdom<\/td><td>South Korea<\/td><\/tr><tr><td class=\"has-text-align-center\" data-align=\"center\">Tel.:\u00a0 +86 10 5339 9726<\/td><td class=\"has-text-align-center\" data-align=\"center\">Tel.:&nbsp;+81 3(3498)2231<\/td><td class=\"has-text-align-center\" data-align=\"center\">Tel.:&nbsp;+91 22 22855261 \/ 22834962<\/td><td>Tel: +44 (0)77166-42889<\/td><td>Tel: +82(0)31-721-0740<br><\/td><\/tr><tr><td class=\"has-text-align-center\" data-align=\"center\"><a href=\"mailto:info@be-instruments.com\">info@be-instruments.com<\/a><br><\/td><td class=\"has-text-align-center\" data-align=\"center\"><a href=\"mailto:EBW@ckb.co.jp\">EBW@ckb.co.jp<\/a><br><\/td><td class=\"has-text-align-center\" data-align=\"center\"><a href=\"mailto:sales@mack.in\">sales@mack.in<\/a><br><\/td><td><a href=\"mailto:info@dylanjamesscientific.com\"><\/a><a href=\"mailto:info@dylanjamesscientific.com\">info@dylanjamesscientific.com<\/a><br><\/td><td><a href=\"mailto:scott@3htech.co.kr\">scott@3htech.co.kr<\/a><\/td><\/tr><\/tbody><\/table><\/figure>","protected":false},"excerpt":{"rendered":"<p>Micro Beam Welding with FOCUS From macro to micro &#8211; our focus is on beam welding.&nbsp;&nbsp; We support you in solving your welding and joining tasks, because we have made it our mission to work with you to find solutions for the almost impossible joint.&nbsp; Modern technologies place very high demands on joining technology. Everything [&hellip;]<\/p>","protected":false},"author":7,"featured_media":601,"parent":0,"menu_order":0,"comment_status":"closed","ping_status":"closed","template":"","meta":{"_themeisle_gutenberg_block_has_review":false,"footnotes":""},"class_list":["post-475","page","type-page","status-publish","has-post-thumbnail","hentry"],"yoast_head":"<!-- This site is optimized with the Yoast SEO Premium plugin v15.2.1 - https:\/\/yoast.com\/wordpress\/plugins\/seo\/ -->\n<title>About Us | FOCUS Welding<\/title>\n<meta name=\"robots\" content=\"index, follow, max-snippet:-1, max-image-preview:large, max-video-preview:-1\" \/>\n<link rel=\"canonical\" href=\"https:\/\/www.focus-welding.com\/de\/aboutus\/\" \/>\n<meta property=\"og:locale\" content=\"de_DE\" \/>\n<meta property=\"og:type\" content=\"article\" \/>\n<meta property=\"og:title\" content=\"About Us | FOCUS Welding\" \/>\n<meta property=\"og:description\" content=\"Micro Beam Welding with FOCUS From macro to micro &#8211; our focus is on beam welding.&nbsp;&nbsp; We support you in solving your welding and joining tasks, because we have made it our mission to work with you to find solutions for the almost impossible joint.&nbsp; Modern technologies place very high demands on joining technology. Everything [&hellip;]\" \/>\n<meta property=\"og:url\" content=\"https:\/\/www.focus-welding.com\/de\/aboutus\/\" \/>\n<meta property=\"og:site_name\" content=\"FOCUS Welding\" \/>\n<meta property=\"article:modified_time\" content=\"2025-05-19T07:46:53+00:00\" \/>\n<meta property=\"og:image\" content=\"https:\/\/www.focus-welding.com\/wp-content\/uploads\/2018\/12\/focus_building_105x.png\" \/>\n\t<meta property=\"og:image:width\" content=\"1500\" \/>\n\t<meta property=\"og:image:height\" content=\"631\" \/>\n<meta name=\"twitter:card\" content=\"summary_large_image\" \/>\n<meta name=\"twitter:label1\" content=\"Verfasst von\">\n\t<meta name=\"twitter:data1\" content=\"cmerkel\">\n\t<meta name=\"twitter:label2\" content=\"Gesch\u00e4tzte Lesezeit\">\n\t<meta name=\"twitter:data2\" content=\"6\u00a0Minuten\">\n<script type=\"application\/ld+json\" class=\"yoast-schema-graph\">{\"@context\":\"https:\/\/schema.org\",\"@graph\":[{\"@type\":\"Organization\",\"@id\":\"https:\/\/www.focus-welding.com\/#organization\",\"name\":\"Focus GmbH\",\"url\":\"https:\/\/www.focus-welding.com\/\",\"sameAs\":[\"https:\/\/www.youtube.com\/user\/FOCUSGmbH\"],\"logo\":{\"@type\":\"ImageObject\",\"@id\":\"https:\/\/www.focus-welding.com\/#logo\",\"inLanguage\":\"de\",\"url\":\"https:\/\/www.focus-welding.com\/wp-content\/uploads\/2019\/03\/2014_FOCUS_NoGmbH_NoSlogan_web.png\",\"width\":414,\"height\":200,\"caption\":\"Focus GmbH\"},\"image\":{\"@id\":\"https:\/\/www.focus-welding.com\/#logo\"}},{\"@type\":\"WebSite\",\"@id\":\"https:\/\/www.focus-welding.com\/#website\",\"url\":\"https:\/\/www.focus-welding.com\/\",\"name\":\"FOCUS Welding\",\"description\":\"Electron Beam Welding and Laser-in-Vacuum Welding Machines\",\"publisher\":{\"@id\":\"https:\/\/www.focus-welding.com\/#organization\"},\"potentialAction\":[{\"@type\":\"SearchAction\",\"target\":\"https:\/\/www.focus-welding.com\/?s={search_term_string}\",\"query-input\":\"required name=search_term_string\"}],\"inLanguage\":\"de\"},{\"@type\":\"ImageObject\",\"@id\":\"https:\/\/www.focus-welding.com\/aboutus\/#primaryimage\",\"inLanguage\":\"de\",\"url\":\"https:\/\/www.focus-welding.com\/wp-content\/uploads\/2018\/12\/focus_building_105x.png\",\"width\":1500,\"height\":631,\"caption\":\"\"},{\"@type\":\"WebPage\",\"@id\":\"https:\/\/www.focus-welding.com\/aboutus\/#webpage\",\"url\":\"https:\/\/www.focus-welding.com\/aboutus\/\",\"name\":\"About Us | FOCUS Welding\",\"isPartOf\":{\"@id\":\"https:\/\/www.focus-welding.com\/#website\"},\"primaryImageOfPage\":{\"@id\":\"https:\/\/www.focus-welding.com\/aboutus\/#primaryimage\"},\"datePublished\":\"2018-11-26T15:09:20+00:00\",\"dateModified\":\"2025-05-19T07:46:53+00:00\",\"inLanguage\":\"de\",\"potentialAction\":[{\"@type\":\"ReadAction\",\"target\":[\"https:\/\/www.focus-welding.com\/aboutus\/\"]}]}]}<\/script>\n<!-- \/ Yoast SEO Premium plugin. -->","_links":{"self":[{"href":"https:\/\/www.focus-welding.com\/de\/wp-json\/wp\/v2\/pages\/475","targetHints":{"allow":["GET"]}}],"collection":[{"href":"https:\/\/www.focus-welding.com\/de\/wp-json\/wp\/v2\/pages"}],"about":[{"href":"https:\/\/www.focus-welding.com\/de\/wp-json\/wp\/v2\/types\/page"}],"author":[{"embeddable":true,"href":"https:\/\/www.focus-welding.com\/de\/wp-json\/wp\/v2\/users\/7"}],"replies":[{"embeddable":true,"href":"https:\/\/www.focus-welding.com\/de\/wp-json\/wp\/v2\/comments?post=475"}],"version-history":[{"count":29,"href":"https:\/\/www.focus-welding.com\/de\/wp-json\/wp\/v2\/pages\/475\/revisions"}],"predecessor-version":[{"id":6389,"href":"https:\/\/www.focus-welding.com\/de\/wp-json\/wp\/v2\/pages\/475\/revisions\/6389"}],"wp:featuredmedia":[{"embeddable":true,"href":"https:\/\/www.focus-welding.com\/de\/wp-json\/wp\/v2\/media\/601"}],"wp:attachment":[{"href":"https:\/\/www.focus-welding.com\/de\/wp-json\/wp\/v2\/media?parent=475"}],"curies":[{"name":"wp","href":"https:\/\/api.w.org\/{rel}","templated":true}]}}